{"id":36300,"date":"2026-04-28T08:50:43","date_gmt":"2026-04-28T06:50:43","guid":{"rendered":"https:\/\/thinkeat.cat\/project\/carpaccio-de-carbasso\/"},"modified":"2026-04-28T09:06:39","modified_gmt":"2026-04-28T07:06:39","slug":"carpaccio-de-calabacin","status":"publish","type":"project","link":"https:\/\/thinkeat.cat\/es\/project\/carpaccio-de-calabacin\/","title":{"rendered":"Carpaccio de calabac\u00edn"},"content":{"rendered":"[et_pb_section fb_built=\u00bb1&#8243; admin_label=\u00bbHeader\u00bb _builder_version=\u00bb4.24.2&#8243; _module_preset=\u00bbdefault\u00bb background_image=\u00bbhttps:\/\/thinkeat.cat\/wp-content\/uploads\/2024\/03\/test1b.png\u00bb background_size=\u00bbinitial\u00bb background_position=\u00bbtop_left\u00bb background_horizontal_offset=\u00bb70%\u00bb collapsed=\u00bbon\u00bb global_colors_info=\u00bb{}\u00bb][et_pb_row _builder_version=\u00bb4.22.0&#8243; _module_preset=\u00bbdefault\u00bb global_colors_info=\u00bb{}\u00bb][et_pb_column type=\u00bb4_4&#8243; _builder_version=\u00bb4.22.0&#8243; _module_preset=\u00bbdefault\u00bb global_colors_info=\u00bb{}\u00bb][et_pb_text _builder_version=\u00bb4.27.6&#8243; _module_preset=\u00bb0253ebdf-c171-4189-b6b9-31410c9ab03a\u00bb header_font_size=\u00bb60px\u00bb hover_enabled=\u00bb0&#8243; global_colors_info=\u00bb{}\u00bb sticky_enabled=\u00bb0&#8243;]\n<h1><strong>Carpaccio de calabac\u00edn<\/strong><\/h1>\n[\/et_pb_text][et_pb_text _builder_version=\u00bb4.27.6&#8243; _module_preset=\u00bbf72d336e-9e7c-4e91-8159-74c00ba84462&#8243; text_font=\u00bbInter||||||||\u00bb text_font_size=\u00bb20px\u00bb text_line_height=\u00bb1.8em\u00bb hover_enabled=\u00bb0&#8243; global_colors_info=\u00bb{}\u00bb sticky_enabled=\u00bb0&#8243;]\n<blockquote>\n<p><a href=\"https:\/\/www.instagram.com\/p\/Cizg0hKOUfJ\/\">Plato fresquito y ligero<\/a> tremendamente bueno que da perfectamente la talla en aquellas ocasiones que apetece comer algo m\u00e1s especial. Es rapid\u00edsimo de preparar, s\u00f3lo tienes que tener los ingredientes y destinar unos 10 minutos en la cocina.<\/p>\n<p data-start=\"356\" data-end=\"397\"><\/blockquote>\n[\/et_pb_text][\/et_pb_column][\/et_pb_row][\/et_pb_section][et_pb_section fb_built=\u00bb1&#8243; specialty=\u00bbon\u00bb _builder_version=\u00bb4.24.2&#8243; _module_preset=\u00bbdefault\u00bb background_color=\u00bbgcid-946866d9-c2b9-4b1f-9c7c-a55f3a135378&#8243; custom_padding=\u00bb27px|||||\u00bb box_shadow_style=\u00bbpreset1&#8243; global_colors_info=\u00bb{%22gcid-946866d9-c2b9-4b1f-9c7c-a55f3a135378%22:%91%22background_color%22%93}\u00bb][et_pb_column type=\u00bb1_2&#8243; specialty_columns=\u00bb2&#8243; _builder_version=\u00bb4.16&#8243; custom_padding=\u00bb|||\u00bb global_colors_info=\u00bb{}\u00bb custom_padding__hover=\u00bb|||\u00bb][et_pb_row_inner column_structure=\u00bb1_2,1_2&#8243; _builder_version=\u00bb4.24.2&#8243; _module_preset=\u00bbdefault\u00bb global_colors_info=\u00bb{}\u00bb][et_pb_column_inner type=\u00bb1_2&#8243; saved_specialty_column_type=\u00bb1_2&#8243; _builder_version=\u00bb4.24.2&#8243; _module_preset=\u00bbdefault\u00bb global_colors_info=\u00bb{}\u00bb][et_pb_blurb title=\u00bbTiempo:\u00bb use_icon=\u00bbon\u00bb font_icon=\u00bb&#xf017;||fa||400&#8243; icon_placement=\u00bbleft\u00bb _builder_version=\u00bb4.27.6&#8243; _module_preset=\u00bbdefault\u00bb header_font=\u00bb|700|||||||\u00bb header_text_color=\u00bb#978578&#8243; header_font_size=\u00bb25px\u00bb body_text_color=\u00bb#978578&#8243; hover_enabled=\u00bb0&#8243; global_colors_info=\u00bb{}\u00bb sticky_enabled=\u00bb0&#8243;]\n<p><b>10 min<\/b><\/p>\n[\/et_pb_blurb][\/et_pb_column_inner][et_pb_column_inner type=\u00bb1_2&#8243; saved_specialty_column_type=\u00bb1_2&#8243; _builder_version=\u00bb4.24.2&#8243; _module_preset=\u00bbdefault\u00bb global_colors_info=\u00bb{}\u00bb][et_pb_blurb title=\u00bbDificultad:\u00bb use_icon=\u00bbon\u00bb font_icon=\u00bb&#xf564;||fa||900&#8243; icon_placement=\u00bbleft\u00bb _builder_version=\u00bb4.27.6&#8243; _module_preset=\u00bbdefault\u00bb header_font=\u00bb|700|||||||\u00bb header_text_color=\u00bb#978578&#8243; header_font_size=\u00bb25px\u00bb body_text_color=\u00bb#978578&#8243; hover_enabled=\u00bb0&#8243; global_colors_info=\u00bb{}\u00bb sticky_enabled=\u00bb0&#8243;]\n<p><strong>Muy f\u00e1cil<\/strong><\/p>\n[\/et_pb_blurb][\/et_pb_column_inner][\/et_pb_row_inner][et_pb_row_inner _builder_version=\u00bb4.24.2&#8243; _module_preset=\u00bbdefault\u00bb global_colors_info=\u00bb{}\u00bb][et_pb_column_inner saved_specialty_column_type=\u00bb1_2&#8243; _builder_version=\u00bb4.24.2&#8243; _module_preset=\u00bbdefault\u00bb global_colors_info=\u00bb{}\u00bb][et_pb_text _builder_version=\u00bb4.27.6&#8243; _module_preset=\u00bb78057167-2dd0-4a64-a7c8-18e991a4f6fa\u00bb header_2_font_size=\u00bb44px\u00bb header_2_line_height=\u00bb1.3em\u00bb custom_margin=\u00bb||10px||false|false\u00bb hover_enabled=\u00bb0&#8243; global_colors_info=\u00bb{}\u00bb sticky_enabled=\u00bb0&#8243;]\n<h2>Ingredientes<\/h2>\n[\/et_pb_text][et_pb_text _builder_version=\u00bb4.27.6&#8243; _module_preset=\u00bbe79a0383-3290-4062-9733-83c5523e385f\u00bb text_font=\u00bbInter||||||||\u00bb text_font_size=\u00bb16px\u00bb text_line_height=\u00bb1.8em\u00bb custom_margin=\u00bb||20px|||\u00bb hover_enabled=\u00bb0&#8243; global_colors_info=\u00bb{}\u00bb sticky_enabled=\u00bb0&#8243;]\n<ul>\n<li>\n<p>1 calabac\u00edn<\/p>\n<\/li>\n<li>\n<p>1-2 tomates<\/p>\n<\/li>\n<li>\n<p>Queso parmesano (o tipo cottage si quieres hacer una versi\u00f3n m\u00e1s light)<\/p>\n<\/li>\n<li>\n<p>Pistachos pelados sin sal (o cualquier otro fruto seco sin sal)<\/p>\n<\/li>\n<li>\n<p>Aceite, sal y pimienta<\/p>\n<\/li>\n<\/ul>\n[\/et_pb_text][et_pb_icon font_icon=\u00bb&#xe03a;||divi||400&#8243; icon_width=\u00bb65px\u00bb _builder_version=\u00bb4.24.2&#8243; _module_preset=\u00bbdefault\u00bb global_colors_info=\u00bb{}\u00bb][\/et_pb_icon][\/et_pb_column_inner][\/et_pb_row_inner][et_pb_row_inner _builder_version=\u00bb4.24.2&#8243; _module_preset=\u00bbdefault\u00bb global_colors_info=\u00bb{}\u00bb][et_pb_column_inner saved_specialty_column_type=\u00bb1_2&#8243; _builder_version=\u00bb4.24.2&#8243; _module_preset=\u00bbdefault\u00bb global_colors_info=\u00bb{}\u00bb][et_pb_code _builder_version=\u00bb4.27.6&#8243; _module_preset=\u00bbdefault\u00bb global_colors_info=\u00bb{}\u00bb]<span class=\"collapseomatic \" id=\"id69f498151792f\"  tabindex=\"0\" title=\"\"    ><\/span><div id=\"target-id69f498151792f\" class=\"collapseomatic_content \"><!-- [et_pb_line_break_holder] --><a href=\"https:\/\/thinkeat.cat\/es\/\"><\/a><!-- [et_pb_line_break_holder] --><!-- [et_pb_line_break_holder] -->Carpaccio de carbass\u00f3<!-- [et_pb_line_break_holder] -->Plat fresquet i lleuger, tremendament bo, que compleix perfectament quan ve de gust menjar alguna cosa una mica m\u00e9s especial. \u00c9s rapid\u00edssim de preparar: nom\u00e9s cal tenir els ingredients i dedicar uns 10 minuts a la cuina.<!-- [et_pb_line_break_holder] --><!-- [et_pb_line_break_holder] --><a href=\"https:\/\/www.instagram.com\/p\/Cizg0hKOUfJ\/\"><\/a><!-- [et_pb_line_break_holder] --><!-- [et_pb_line_break_holder] -->El carabass\u00f3 \u00e9s una hortalissa d\u2019estiu realment refrescant gr\u00e0cies al que el 95% del seu pes \u00e9s aigua. Existeix una gran varietat de carabassons amb diferents grand\u00e0ries, formes i colors.<!-- [et_pb_line_break_holder] -->Aquest vegetal pertany a la fam\u00edlia de les cucurbit\u00e0cies, la mateixa fam\u00edlia que el mel\u00f3, la s\u00edndria, el cogombre o la carabassa. Les plantes d\u2019aquesta fam\u00edlia es conreen en els tr\u00f2pics i zones temperades, amb clima mediterrani. A l\u2019estiu, amb la calor, \u00e9s quan la planta arriba a la seva plenitud i es poden recollir els millors carabassons.<!-- [et_pb_line_break_holder] --><!-- [et_pb_line_break_holder] --><\/div><!-- [et_pb_line_break_holder] --><!-- [et_pb_line_break_holder] --><!-- [et_pb_line_break_holder] --><!-- [et_pb_line_break_holder] -->[\/et_pb_code][\/et_pb_column_inner][\/et_pb_row_inner][\/et_pb_column][et_pb_column type=\u00bb1_2&#8243; _builder_version=\u00bb4.16&#8243; custom_padding=\u00bb|||\u00bb global_colors_info=\u00bb{}\u00bb custom_padding__hover=\u00bb|||\u00bb][et_pb_image src=\u00bbhttps:\/\/thinkeat.cat\/wp-content\/uploads\/2026\/04\/Carpaccio-de-carbasso.jpg\u00bb alt=\u00bbCarpaccio de carbass\u00f3\u00bb title_text=\u00bbCarpaccio de carbasso\u0301\u00bb _builder_version=\u00bb4.27.6&#8243; _module_preset=\u00bbdefault\u00bb global_colors_info=\u00bb{}\u00bb][\/et_pb_image][\/et_pb_column][\/et_pb_section][et_pb_section fb_built=\u00bb1&#8243; admin_label=\u00bbFeatures\u00bb _builder_version=\u00bb4.22.0&#8243; _module_preset=\u00bbdefault\u00bb background_image=\u00bbhttps:\/\/thinkeat.cat\/wp-content\/uploads\/2024\/03\/nutrition-coaching-illustration-17@2x.png\u00bb background_size=\u00bbcustom\u00bb background_image_width=\u00bb30%\u00bb background_position=\u00bbbottom_left\u00bb background_horizontal_offset=\u00bb-10vw\u00bb background_vertical_offset=\u00bb-2vw\u00bb collapsed=\u00bbon\u00bb global_colors_info=\u00bb{}\u00bb][et_pb_row _builder_version=\u00bb4.24.2&#8243; _module_preset=\u00bbdefault\u00bb global_colors_info=\u00bb{}\u00bb][et_pb_column type=\u00bb4_4&#8243; _builder_version=\u00bb4.22.0&#8243; _module_preset=\u00bbdefault\u00bb background_color=\u00bb#FFFFFF\u00bb custom_padding=\u00bb40px|40px|40px|40px|true|true\u00bb custom_padding_tablet=\u00bb30px|30px|30px|30px|true|true\u00bb custom_padding_phone=\u00bb20px|20px|20px|20px|true|true\u00bb custom_padding_last_edited=\u00bbon|tablet\u00bb box_shadow_style=\u00bbpreset4&#8243; box_shadow_horizontal=\u00bb0px\u00bb box_shadow_blur=\u00bb60px\u00bb box_shadow_spread=\u00bb-10px\u00bb box_shadow_color=\u00bbrgba(0,0,0,0.15)\u00bb global_colors_info=\u00bb{}\u00bb][et_pb_text _builder_version=\u00bb4.27.6&#8243; _module_preset=\u00bb78057167-2dd0-4a64-a7c8-18e991a4f6fa\u00bb header_2_font_size=\u00bb44px\u00bb custom_margin=\u00bb||10px||false|false\u00bb hover_enabled=\u00bb0&#8243; global_colors_info=\u00bb{}\u00bb sticky_enabled=\u00bb0&#8243;]\n<h2>Elaboraci\u00f3n<\/h2>\n[\/et_pb_text][et_pb_text _builder_version=\u00bb4.27.6&#8243; _module_preset=\u00bbe79a0383-3290-4062-9733-83c5523e385f\u00bb text_font=\u00bbInter||||||||\u00bb text_font_size=\u00bb16px\u00bb text_line_height=\u00bb1.8em\u00bb hover_enabled=\u00bb0&#8243; global_colors_info=\u00bb{}\u00bb sticky_enabled=\u00bb0&#8243;]\n<ol>\n<li>Para empezar, lavamos bien el calabac\u00edn y lo cortamos a rodajas lo m\u00e1s finas posibles. Puedes ayudarte de una mandolina para hacerlo m\u00e1s sencillo o puedes usar un cuchillo si tienes un poco m\u00e1s de paciencia y habilidad. Coloca las rodajas de calabac\u00edn crudo en un plato llano.<\/li>\n<li>Con un rallador, ralla los tomates para conseguir un pur\u00e9 de tomate sin la piel. Ali\u00f1a el tomate rallado con aceite, sal y pimienta al gusto, m\u00e9zclalo bien y lo a\u00f1ades por encima cubriendo la capa de rodajas de calabac\u00edn.<\/li>\n<li>Y para terminar el plato, a\u00f1adimos el pistacho u otro fruto seco picado y unas virutas finas de queso parmesano. Y ahora s\u00f3lo queda disfrutar de este plato riqu\u00edsimo.<\/li>\n<\/ol>\n[\/et_pb_text][\/et_pb_column][\/et_pb_row][\/et_pb_section]\n","protected":false},"excerpt":{"rendered":"<p>Carpaccio de calabac\u00edn Plato fresquito y ligero tremendamente bueno que da perfectamente la talla en aquellas ocasiones que apetece comer algo m\u00e1s especial. Es rapid\u00edsimo de preparar, s\u00f3lo tienes que tener los ingredientes y destinar unos 10 minutos en la cocina. 10 minMuy f\u00e1cilIngredientes 1 calabac\u00edn 1-2 tomates Queso parmesano (o tipo cottage si quieres [&hellip;]<\/p>\n","protected":false},"author":1,"featured_media":36293,"comment_status":"closed","ping_status":"closed","template":"","meta":{"_et_pb_use_builder":"on","_et_pb_old_content":"","_et_gb_content_width":"","footnotes":""},"project_category":[195,167],"project_tag":[],"class_list":["post-36300","project","type-project","status-publish","has-post-thumbnail","hentry","project_category-verduras","project_category-verdures"],"yoast_head":"<!-- This site is optimized with the Yoast SEO plugin v27.5 - https:\/\/yoast.com\/product\/yoast-seo-wordpress\/ -->\n<title>Carpaccio de calabac\u00edn - Think Eat | Espai de Nutrici\u00f3 | Barcelona<\/title>\n<meta name=\"description\" content=\"Plato fresquito y tremendamente bueno, que cumple perfectamente cuando apetece comer algo un poco m\u00e1s especial. Carpaccio de calabac\u00edn.\" \/>\n<meta name=\"robots\" content=\"index, follow, max-snippet:-1, max-image-preview:large, max-video-preview:-1\" \/>\n<link rel=\"canonical\" href=\"https:\/\/thinkeat.cat\/project\/carpaccio-de-carbasso\/\" \/>\n<meta property=\"og:locale\" content=\"es_ES\" \/>\n<meta property=\"og:type\" content=\"article\" \/>\n<meta property=\"og:title\" content=\"Carpaccio de calabac\u00edn - Think Eat | Espai de Nutrici\u00f3 | Barcelona\" \/>\n<meta property=\"og:description\" content=\"Plato fresquito y tremendamente bueno, que cumple perfectamente cuando apetece comer algo un poco m\u00e1s especial. Carpaccio de calabac\u00edn.\" \/>\n<meta property=\"og:url\" content=\"https:\/\/thinkeat.cat\/project\/carpaccio-de-carbasso\/\" \/>\n<meta property=\"og:site_name\" content=\"Think Eat | Espai de Nutrici\u00f3 | Barcelona\" \/>\n<meta property=\"article:publisher\" content=\"https:\/\/www.facebook.com\/EspaiThinkEat\/\" \/>\n<meta property=\"article:modified_time\" content=\"2026-04-28T07:06:39+00:00\" \/>\n<meta property=\"og:image\" content=\"https:\/\/thinkeat.cat\/wp-content\/uploads\/2026\/04\/Carpaccio-de-carbasso.jpg\" \/>\n\t<meta property=\"og:image:width\" content=\"1439\" \/>\n\t<meta property=\"og:image:height\" content=\"1578\" \/>\n\t<meta property=\"og:image:type\" content=\"image\/jpeg\" \/>\n<meta name=\"twitter:label1\" content=\"Tiempo de lectura\" \/>\n\t<meta name=\"twitter:data1\" content=\"2 minutos\" \/>\n<script type=\"application\/ld+json\" class=\"yoast-schema-graph\">{\"@context\":\"https:\\\/\\\/schema.org\",\"@graph\":[{\"@type\":\"WebPage\",\"@id\":\"https:\\\/\\\/thinkeat.cat\\\/project\\\/carpaccio-de-carbasso\\\/\",\"url\":\"https:\\\/\\\/thinkeat.cat\\\/project\\\/carpaccio-de-carbasso\\\/\",\"name\":\"Carpaccio de calabac\u00edn - Think Eat | Espai de Nutrici\u00f3 | Barcelona\",\"isPartOf\":{\"@id\":\"https:\\\/\\\/thinkeat.cat\\\/#website\"},\"primaryImageOfPage\":{\"@id\":\"https:\\\/\\\/thinkeat.cat\\\/project\\\/carpaccio-de-carbasso\\\/#primaryimage\"},\"image\":{\"@id\":\"https:\\\/\\\/thinkeat.cat\\\/project\\\/carpaccio-de-carbasso\\\/#primaryimage\"},\"thumbnailUrl\":\"https:\\\/\\\/thinkeat.cat\\\/wp-content\\\/uploads\\\/2026\\\/04\\\/Carpaccio-de-carbasso.jpg\",\"datePublished\":\"2026-04-28T06:50:43+00:00\",\"dateModified\":\"2026-04-28T07:06:39+00:00\",\"description\":\"Plato fresquito y tremendamente bueno, que cumple perfectamente cuando apetece comer algo un poco m\u00e1s especial. Carpaccio de calabac\u00edn.\",\"breadcrumb\":{\"@id\":\"https:\\\/\\\/thinkeat.cat\\\/project\\\/carpaccio-de-carbasso\\\/#breadcrumb\"},\"inLanguage\":\"es\",\"potentialAction\":[{\"@type\":\"ReadAction\",\"target\":[\"https:\\\/\\\/thinkeat.cat\\\/project\\\/carpaccio-de-carbasso\\\/\"]}]},{\"@type\":\"ImageObject\",\"inLanguage\":\"es\",\"@id\":\"https:\\\/\\\/thinkeat.cat\\\/project\\\/carpaccio-de-carbasso\\\/#primaryimage\",\"url\":\"https:\\\/\\\/thinkeat.cat\\\/wp-content\\\/uploads\\\/2026\\\/04\\\/Carpaccio-de-carbasso.jpg\",\"contentUrl\":\"https:\\\/\\\/thinkeat.cat\\\/wp-content\\\/uploads\\\/2026\\\/04\\\/Carpaccio-de-carbasso.jpg\",\"width\":1439,\"height\":1578,\"caption\":\"Carpaccio de carbass\u00f3\"},{\"@type\":\"BreadcrumbList\",\"@id\":\"https:\\\/\\\/thinkeat.cat\\\/project\\\/carpaccio-de-carbasso\\\/#breadcrumb\",\"itemListElement\":[{\"@type\":\"ListItem\",\"position\":1,\"name\":\"Portada\",\"item\":\"https:\\\/\\\/thinkeat.cat\\\/\"},{\"@type\":\"ListItem\",\"position\":2,\"name\":\"Proyectos\",\"item\":\"https:\\\/\\\/thinkeat.cat\\\/project\\\/\"},{\"@type\":\"ListItem\",\"position\":3,\"name\":\"Carpaccio de calabac\u00edn\"}]},{\"@type\":\"WebSite\",\"@id\":\"https:\\\/\\\/thinkeat.cat\\\/#website\",\"url\":\"https:\\\/\\\/thinkeat.cat\\\/\",\"name\":\"Think Eat | Espai de Nutrici\u00f3 | Barcelona\",\"description\":\"Think Eat, el teu espai d&#039;assessorament i coaching nutricional dedicat a guiar-te cap a una vida plena de salut i benestar.\",\"publisher\":{\"@id\":\"https:\\\/\\\/thinkeat.cat\\\/#organization\"},\"alternateName\":\"Think Eat\",\"potentialAction\":[{\"@type\":\"SearchAction\",\"target\":{\"@type\":\"EntryPoint\",\"urlTemplate\":\"https:\\\/\\\/thinkeat.cat\\\/?s={search_term_string}\"},\"query-input\":{\"@type\":\"PropertyValueSpecification\",\"valueRequired\":true,\"valueName\":\"search_term_string\"}}],\"inLanguage\":\"es\"},{\"@type\":\"Organization\",\"@id\":\"https:\\\/\\\/thinkeat.cat\\\/#organization\",\"name\":\"Think Eat | Espai de Nutrici\u00f3 | Barcelona\",\"alternateName\":\"Think Eat\",\"url\":\"https:\\\/\\\/thinkeat.cat\\\/\",\"logo\":{\"@type\":\"ImageObject\",\"inLanguage\":\"es\",\"@id\":\"https:\\\/\\\/thinkeat.cat\\\/#\\\/schema\\\/logo\\\/image\\\/\",\"url\":\"https:\\\/\\\/thinkeat.cat\\\/wp-content\\\/uploads\\\/2024\\\/05\\\/Logo-1.png\",\"contentUrl\":\"https:\\\/\\\/thinkeat.cat\\\/wp-content\\\/uploads\\\/2024\\\/05\\\/Logo-1.png\",\"width\":587,\"height\":128,\"caption\":\"Think Eat | Espai de Nutrici\u00f3 | Barcelona\"},\"image\":{\"@id\":\"https:\\\/\\\/thinkeat.cat\\\/#\\\/schema\\\/logo\\\/image\\\/\"},\"sameAs\":[\"https:\\\/\\\/www.facebook.com\\\/EspaiThinkEat\\\/\",\"https:\\\/\\\/www.instagram.com\\\/EspaiThinkEat\"]}]}<\/script>\n<!-- \/ Yoast SEO plugin. -->","yoast_head_json":{"title":"Carpaccio de calabac\u00edn - Think Eat | Espai de Nutrici\u00f3 | Barcelona","description":"Plato fresquito y tremendamente bueno, que cumple perfectamente cuando apetece comer algo un poco m\u00e1s especial. Carpaccio de calabac\u00edn.","robots":{"index":"index","follow":"follow","max-snippet":"max-snippet:-1","max-image-preview":"max-image-preview:large","max-video-preview":"max-video-preview:-1"},"canonical":"https:\/\/thinkeat.cat\/project\/carpaccio-de-carbasso\/","og_locale":"es_ES","og_type":"article","og_title":"Carpaccio de calabac\u00edn - Think Eat | Espai de Nutrici\u00f3 | Barcelona","og_description":"Plato fresquito y tremendamente bueno, que cumple perfectamente cuando apetece comer algo un poco m\u00e1s especial. Carpaccio de calabac\u00edn.","og_url":"https:\/\/thinkeat.cat\/project\/carpaccio-de-carbasso\/","og_site_name":"Think Eat | Espai de Nutrici\u00f3 | Barcelona","article_publisher":"https:\/\/www.facebook.com\/EspaiThinkEat\/","article_modified_time":"2026-04-28T07:06:39+00:00","og_image":[{"width":1439,"height":1578,"url":"https:\/\/thinkeat.cat\/wp-content\/uploads\/2026\/04\/Carpaccio-de-carbasso.jpg","type":"image\/jpeg"}],"twitter_misc":{"Tiempo de lectura":"2 minutos"},"schema":{"@context":"https:\/\/schema.org","@graph":[{"@type":"WebPage","@id":"https:\/\/thinkeat.cat\/project\/carpaccio-de-carbasso\/","url":"https:\/\/thinkeat.cat\/project\/carpaccio-de-carbasso\/","name":"Carpaccio de calabac\u00edn - Think Eat | Espai de Nutrici\u00f3 | Barcelona","isPartOf":{"@id":"https:\/\/thinkeat.cat\/#website"},"primaryImageOfPage":{"@id":"https:\/\/thinkeat.cat\/project\/carpaccio-de-carbasso\/#primaryimage"},"image":{"@id":"https:\/\/thinkeat.cat\/project\/carpaccio-de-carbasso\/#primaryimage"},"thumbnailUrl":"https:\/\/thinkeat.cat\/wp-content\/uploads\/2026\/04\/Carpaccio-de-carbasso.jpg","datePublished":"2026-04-28T06:50:43+00:00","dateModified":"2026-04-28T07:06:39+00:00","description":"Plato fresquito y tremendamente bueno, que cumple perfectamente cuando apetece comer algo un poco m\u00e1s especial. Carpaccio de calabac\u00edn.","breadcrumb":{"@id":"https:\/\/thinkeat.cat\/project\/carpaccio-de-carbasso\/#breadcrumb"},"inLanguage":"es","potentialAction":[{"@type":"ReadAction","target":["https:\/\/thinkeat.cat\/project\/carpaccio-de-carbasso\/"]}]},{"@type":"ImageObject","inLanguage":"es","@id":"https:\/\/thinkeat.cat\/project\/carpaccio-de-carbasso\/#primaryimage","url":"https:\/\/thinkeat.cat\/wp-content\/uploads\/2026\/04\/Carpaccio-de-carbasso.jpg","contentUrl":"https:\/\/thinkeat.cat\/wp-content\/uploads\/2026\/04\/Carpaccio-de-carbasso.jpg","width":1439,"height":1578,"caption":"Carpaccio de carbass\u00f3"},{"@type":"BreadcrumbList","@id":"https:\/\/thinkeat.cat\/project\/carpaccio-de-carbasso\/#breadcrumb","itemListElement":[{"@type":"ListItem","position":1,"name":"Portada","item":"https:\/\/thinkeat.cat\/"},{"@type":"ListItem","position":2,"name":"Proyectos","item":"https:\/\/thinkeat.cat\/project\/"},{"@type":"ListItem","position":3,"name":"Carpaccio de calabac\u00edn"}]},{"@type":"WebSite","@id":"https:\/\/thinkeat.cat\/#website","url":"https:\/\/thinkeat.cat\/","name":"Think Eat | Espai de Nutrici\u00f3 | Barcelona","description":"Think Eat, el teu espai d&#039;assessorament i coaching nutricional dedicat a guiar-te cap a una vida plena de salut i benestar.","publisher":{"@id":"https:\/\/thinkeat.cat\/#organization"},"alternateName":"Think Eat","potentialAction":[{"@type":"SearchAction","target":{"@type":"EntryPoint","urlTemplate":"https:\/\/thinkeat.cat\/?s={search_term_string}"},"query-input":{"@type":"PropertyValueSpecification","valueRequired":true,"valueName":"search_term_string"}}],"inLanguage":"es"},{"@type":"Organization","@id":"https:\/\/thinkeat.cat\/#organization","name":"Think Eat | Espai de Nutrici\u00f3 | Barcelona","alternateName":"Think Eat","url":"https:\/\/thinkeat.cat\/","logo":{"@type":"ImageObject","inLanguage":"es","@id":"https:\/\/thinkeat.cat\/#\/schema\/logo\/image\/","url":"https:\/\/thinkeat.cat\/wp-content\/uploads\/2024\/05\/Logo-1.png","contentUrl":"https:\/\/thinkeat.cat\/wp-content\/uploads\/2024\/05\/Logo-1.png","width":587,"height":128,"caption":"Think Eat | Espai de Nutrici\u00f3 | Barcelona"},"image":{"@id":"https:\/\/thinkeat.cat\/#\/schema\/logo\/image\/"},"sameAs":["https:\/\/www.facebook.com\/EspaiThinkEat\/","https:\/\/www.instagram.com\/EspaiThinkEat"]}]}},"_links":{"self":[{"href":"https:\/\/thinkeat.cat\/es\/wp-json\/wp\/v2\/project\/36300","targetHints":{"allow":["GET"]}}],"collection":[{"href":"https:\/\/thinkeat.cat\/es\/wp-json\/wp\/v2\/project"}],"about":[{"href":"https:\/\/thinkeat.cat\/es\/wp-json\/wp\/v2\/types\/project"}],"author":[{"embeddable":true,"href":"https:\/\/thinkeat.cat\/es\/wp-json\/wp\/v2\/users\/1"}],"replies":[{"embeddable":true,"href":"https:\/\/thinkeat.cat\/es\/wp-json\/wp\/v2\/comments?post=36300"}],"version-history":[{"count":3,"href":"https:\/\/thinkeat.cat\/es\/wp-json\/wp\/v2\/project\/36300\/revisions"}],"predecessor-version":[{"id":36305,"href":"https:\/\/thinkeat.cat\/es\/wp-json\/wp\/v2\/project\/36300\/revisions\/36305"}],"wp:featuredmedia":[{"embeddable":true,"href":"https:\/\/thinkeat.cat\/es\/wp-json\/wp\/v2\/media\/36293"}],"wp:attachment":[{"href":"https:\/\/thinkeat.cat\/es\/wp-json\/wp\/v2\/media?parent=36300"}],"wp:term":[{"taxonomy":"project_category","embeddable":true,"href":"https:\/\/thinkeat.cat\/es\/wp-json\/wp\/v2\/project_category?post=36300"},{"taxonomy":"project_tag","embeddable":true,"href":"https:\/\/thinkeat.cat\/es\/wp-json\/wp\/v2\/project_tag?post=36300"}],"curies":[{"name":"wp","href":"https:\/\/api.w.org\/{rel}","templated":true}]}}