{"id":36245,"date":"2026-03-26T15:39:29","date_gmt":"2026-03-26T14:39:29","guid":{"rendered":"https:\/\/thinkeat.cat\/project\/pastis-esponjos-de-iogurt-i-pepites-de-xocolata\/"},"modified":"2026-03-26T15:55:04","modified_gmt":"2026-03-26T14:55:04","slug":"pastel-esponjoso-de-yogurt-y-pepitas-de-chocolate","status":"publish","type":"project","link":"https:\/\/thinkeat.cat\/es\/project\/pastel-esponjoso-de-yogurt-y-pepitas-de-chocolate\/","title":{"rendered":"Pastel esponjoso de yogurt y pepitas de chocolate"},"content":{"rendered":"[et_pb_section fb_built=\u00bb1&#8243; admin_label=\u00bbHeader\u00bb _builder_version=\u00bb4.24.2&#8243; _module_preset=\u00bbdefault\u00bb background_image=\u00bbhttps:\/\/thinkeat.cat\/wp-content\/uploads\/2024\/03\/test1b.png\u00bb background_size=\u00bbinitial\u00bb background_position=\u00bbtop_left\u00bb background_horizontal_offset=\u00bb70%\u00bb collapsed=\u00bbon\u00bb global_colors_info=\u00bb{}\u00bb][et_pb_row _builder_version=\u00bb4.22.0&#8243; _module_preset=\u00bbdefault\u00bb global_colors_info=\u00bb{}\u00bb][et_pb_column type=\u00bb4_4&#8243; _builder_version=\u00bb4.22.0&#8243; _module_preset=\u00bbdefault\u00bb global_colors_info=\u00bb{}\u00bb][et_pb_text _builder_version=\u00bb4.27.6&#8243; _module_preset=\u00bb0253ebdf-c171-4189-b6b9-31410c9ab03a\u00bb header_font_size=\u00bb60px\u00bb hover_enabled=\u00bb0&#8243; global_colors_info=\u00bb{}\u00bb sticky_enabled=\u00bb0&#8243;]\n<h1><strong>Pastel esponjoso de yogurt y pepitas de chocolate\u00a0<\/strong><\/h1>\n[\/et_pb_text][et_pb_text _builder_version=\u00bb4.27.6&#8243; _module_preset=\u00bbf72d336e-9e7c-4e91-8159-74c00ba84462&#8243; text_font=\u00bbInter||||||||\u00bb text_font_size=\u00bb20px\u00bb text_line_height=\u00bb1.8em\u00bb hover_enabled=\u00bb0&#8243; global_colors_info=\u00bb{}\u00bb sticky_enabled=\u00bb0&#8243;]\n<blockquote>\n<p>A menudo nos encontramos en redes recetas de postres \u00abfit\u00bb o \u00absin gluten\u00bb o \u00absaludables\u00bb o \u00abaltas en prote\u00ednas\u00bb que realmente no son tal cosa. As\u00ed que aqu\u00ed os traemos uno que s\u00ed es todo lo anterior.<\/p>\n<p data-start=\"356\" data-end=\"397\"><\/blockquote>\n[\/et_pb_text][\/et_pb_column][\/et_pb_row][\/et_pb_section][et_pb_section fb_built=\u00bb1&#8243; specialty=\u00bbon\u00bb _builder_version=\u00bb4.24.2&#8243; _module_preset=\u00bbdefault\u00bb background_color=\u00bbgcid-946866d9-c2b9-4b1f-9c7c-a55f3a135378&#8243; custom_padding=\u00bb27px|||||\u00bb box_shadow_style=\u00bbpreset1&#8243; global_colors_info=\u00bb{%22gcid-946866d9-c2b9-4b1f-9c7c-a55f3a135378%22:%91%22background_color%22%93}\u00bb][et_pb_column type=\u00bb1_2&#8243; specialty_columns=\u00bb2&#8243; _builder_version=\u00bb4.16&#8243; custom_padding=\u00bb|||\u00bb global_colors_info=\u00bb{}\u00bb custom_padding__hover=\u00bb|||\u00bb][et_pb_row_inner column_structure=\u00bb1_2,1_2&#8243; _builder_version=\u00bb4.24.2&#8243; _module_preset=\u00bbdefault\u00bb global_colors_info=\u00bb{}\u00bb][et_pb_column_inner type=\u00bb1_2&#8243; saved_specialty_column_type=\u00bb1_2&#8243; _builder_version=\u00bb4.24.2&#8243; _module_preset=\u00bbdefault\u00bb global_colors_info=\u00bb{}\u00bb][et_pb_blurb title=\u00bbTiempo:\u00bb use_icon=\u00bbon\u00bb font_icon=\u00bb&#xf017;||fa||400&#8243; icon_placement=\u00bbleft\u00bb _builder_version=\u00bb4.27.6&#8243; _module_preset=\u00bbdefault\u00bb header_font=\u00bb|700|||||||\u00bb header_text_color=\u00bb#978578&#8243; header_font_size=\u00bb25px\u00bb body_text_color=\u00bb#978578&#8243; hover_enabled=\u00bb0&#8243; global_colors_info=\u00bb{}\u00bb sticky_enabled=\u00bb0&#8243;]\n<p><b>1 hora<\/b><\/p>\n[\/et_pb_blurb][\/et_pb_column_inner][et_pb_column_inner type=\u00bb1_2&#8243; saved_specialty_column_type=\u00bb1_2&#8243; _builder_version=\u00bb4.24.2&#8243; _module_preset=\u00bbdefault\u00bb global_colors_info=\u00bb{}\u00bb][et_pb_blurb title=\u00bbDificultad:\u00bb use_icon=\u00bbon\u00bb font_icon=\u00bb&#xf564;||fa||900&#8243; icon_placement=\u00bbleft\u00bb _builder_version=\u00bb4.27.6&#8243; _module_preset=\u00bbdefault\u00bb header_font=\u00bb|700|||||||\u00bb header_text_color=\u00bb#978578&#8243; header_font_size=\u00bb25px\u00bb body_text_color=\u00bb#978578&#8243; hover_enabled=\u00bb0&#8243; global_colors_info=\u00bb{}\u00bb sticky_enabled=\u00bb0&#8243;]\n<p><strong>F\u00e1cil<\/strong><\/p>\n[\/et_pb_blurb][\/et_pb_column_inner][\/et_pb_row_inner][et_pb_row_inner _builder_version=\u00bb4.24.2&#8243; _module_preset=\u00bbdefault\u00bb global_colors_info=\u00bb{}\u00bb][et_pb_column_inner saved_specialty_column_type=\u00bb1_2&#8243; _builder_version=\u00bb4.24.2&#8243; _module_preset=\u00bbdefault\u00bb global_colors_info=\u00bb{}\u00bb][et_pb_text _builder_version=\u00bb4.27.6&#8243; _module_preset=\u00bb78057167-2dd0-4a64-a7c8-18e991a4f6fa\u00bb header_2_font_size=\u00bb44px\u00bb header_2_line_height=\u00bb1.3em\u00bb custom_margin=\u00bb||10px||false|false\u00bb hover_enabled=\u00bb0&#8243; global_colors_info=\u00bb{}\u00bb sticky_enabled=\u00bb0&#8243;]\n<h2>Ingredientes<\/h2>\n[\/et_pb_text][et_pb_text _builder_version=\u00bb4.27.6&#8243; _module_preset=\u00bbe79a0383-3290-4062-9733-83c5523e385f\u00bb text_font=\u00bbInter||||||||\u00bb text_font_size=\u00bb16px\u00bb text_line_height=\u00bb1.8em\u00bb custom_margin=\u00bb||20px|||\u00bb hover_enabled=\u00bb0&#8243; global_colors_info=\u00bb{}\u00bb sticky_enabled=\u00bb0&#8243;]\n<ul>\n<li>\n<p>400 g de skyr o yogur natural cremoso bajo en grasa<\/p>\n<\/li>\n<li>\n<p>2 huevos<\/p>\n<\/li>\n<li>\n<p>90 ml de claras o 2 huevos m\u00e1s<\/p>\n<\/li>\n<li>\n<p>30 g de harina de ma\u00edz<\/p>\n<\/li>\n<li>\n<p>15 g de pepita de chocolate<\/p>\n<\/li>\n<li>\n<p>Edulcorante al gusto (extracto natural de estevia)<\/p>\n<\/li>\n<\/ul>\n[\/et_pb_text][et_pb_icon font_icon=\u00bb&#xe03a;||divi||400&#8243; icon_width=\u00bb65px\u00bb _builder_version=\u00bb4.24.2&#8243; _module_preset=\u00bbdefault\u00bb global_colors_info=\u00bb{}\u00bb][\/et_pb_icon][\/et_pb_column_inner][\/et_pb_row_inner][et_pb_row_inner _builder_version=\u00bb4.24.2&#8243; _module_preset=\u00bbdefault\u00bb global_colors_info=\u00bb{}\u00bb][et_pb_column_inner saved_specialty_column_type=\u00bb1_2&#8243; _builder_version=\u00bb4.24.2&#8243; _module_preset=\u00bbdefault\u00bb global_colors_info=\u00bb{}\u00bb][et_pb_code _builder_version=\u00bb4.27.4&#8243; _module_preset=\u00bbdefault\u00bb global_colors_info=\u00bb{}\u00bb]<span class=\"collapseomatic \" id=\"id69f328273c3d6\"  tabindex=\"0\" title=\"\"    ><\/span><div id=\"target-id69f328273c3d6\" class=\"collapseomatic_content \"><!-- [et_pb_line_break_holder] --><a href=\"https:\/\/thinkeat.cat\/es\/\"><\/a><!-- [et_pb_line_break_holder] --><!-- [et_pb_line_break_holder] -->Ensalada de col lombarda<!-- [et_pb_line_break_holder] -->Esta es una ensalada de invierno llena de alimentos antioxidantes, peque\u00f1os grandes aliados que ayudan a retrasar el proceso de envejecimiento y nos protegen de la aparici\u00f3n de enfermedades degenerativas. Adem\u00e1s, \u00a1es una ensalada deliciosa y muy saludable!<!-- [et_pb_line_break_holder] --><!-- [et_pb_line_break_holder] --><\/div><!-- [et_pb_line_break_holder] --><!-- [et_pb_line_break_holder] --><!-- [et_pb_line_break_holder] --><!-- [et_pb_line_break_holder] -->[\/et_pb_code][\/et_pb_column_inner][\/et_pb_row_inner][\/et_pb_column][et_pb_column type=\u00bb1_2&#8243; _builder_version=\u00bb4.16&#8243; custom_padding=\u00bb|||\u00bb global_colors_info=\u00bb{}\u00bb custom_padding__hover=\u00bb|||\u00bb][et_pb_image src=\u00bbhttps:\/\/thinkeat.cat\/wp-content\/uploads\/2026\/03\/WhatsApp-Image-2026-03-18-at-15.31.32.jpeg\u00bb alt=\u00bbPast\u00eds esponj\u00f3s de iogurt i pepites de xocolata\u00bb title_text=\u00bbWhatsApp Image 2026-03-18 at 15.31.32&#8243; _builder_version=\u00bb4.27.6&#8243; _module_preset=\u00bbdefault\u00bb global_colors_info=\u00bb{}\u00bb][\/et_pb_image][\/et_pb_column][\/et_pb_section][et_pb_section fb_built=\u00bb1&#8243; admin_label=\u00bbFeatures\u00bb _builder_version=\u00bb4.22.0&#8243; _module_preset=\u00bbdefault\u00bb background_image=\u00bbhttps:\/\/thinkeat.cat\/wp-content\/uploads\/2024\/03\/nutrition-coaching-illustration-17@2x.png\u00bb background_size=\u00bbcustom\u00bb background_image_width=\u00bb30%\u00bb background_position=\u00bbbottom_left\u00bb background_horizontal_offset=\u00bb-10vw\u00bb background_vertical_offset=\u00bb-2vw\u00bb collapsed=\u00bbon\u00bb global_colors_info=\u00bb{}\u00bb][et_pb_row _builder_version=\u00bb4.24.2&#8243; _module_preset=\u00bbdefault\u00bb global_colors_info=\u00bb{}\u00bb][et_pb_column type=\u00bb4_4&#8243; _builder_version=\u00bb4.22.0&#8243; _module_preset=\u00bbdefault\u00bb background_color=\u00bb#FFFFFF\u00bb custom_padding=\u00bb40px|40px|40px|40px|true|true\u00bb custom_padding_tablet=\u00bb30px|30px|30px|30px|true|true\u00bb custom_padding_phone=\u00bb20px|20px|20px|20px|true|true\u00bb custom_padding_last_edited=\u00bbon|tablet\u00bb box_shadow_style=\u00bbpreset4&#8243; box_shadow_horizontal=\u00bb0px\u00bb box_shadow_blur=\u00bb60px\u00bb box_shadow_spread=\u00bb-10px\u00bb box_shadow_color=\u00bbrgba(0,0,0,0.15)\u00bb global_colors_info=\u00bb{}\u00bb][et_pb_text _builder_version=\u00bb4.27.6&#8243; _module_preset=\u00bb78057167-2dd0-4a64-a7c8-18e991a4f6fa\u00bb header_2_font_size=\u00bb44px\u00bb custom_margin=\u00bb||10px||false|false\u00bb hover_enabled=\u00bb0&#8243; global_colors_info=\u00bb{}\u00bb sticky_enabled=\u00bb0&#8243;]\n<h2>Elaboraci\u00f3n<\/h2>\n[\/et_pb_text][et_pb_text _builder_version=\u00bb4.27.6&#8243; _module_preset=\u00bbe79a0383-3290-4062-9733-83c5523e385f\u00bb text_font=\u00bbInter||||||||\u00bb text_font_size=\u00bb16px\u00bb text_line_height=\u00bb1.8em\u00bb hover_enabled=\u00bb0&#8243; global_colors_info=\u00bb{}\u00bb sticky_enabled=\u00bb0&#8243;]\n<ol>\n<li>Para empezar con la receta, mezclamos los huevos con el yogur, el edulcorante y la harina en un mismo bol.<\/li>\n<li>En caso de usar los 90 ml de claras de huevo las batimos a parte y las a\u00f1adimos a la mezcla anterior con movimientos envolventes. Si en su lugar prefieres usar 2 huevos de m\u00e1s, se a\u00f1aden a la mezcla inicial sin problema.<\/li>\n<li>Finalmente, a\u00f1adimos las pepitas de chocolate y con el horno previamente caliente a 180\u00baC horneamos la mezcla en un molde para reposter\u00eda apto para horno durante unos 45 minutos a esa misma temperatura. (Tambi\u00e9n ten\u00e9is la opci\u00f3n de hacerlo en la airfryer con menos tiempo) \u00a1Y listo, d\u00e9jalo enfriar y ya puedes disfrutarlo!<\/li>\n<\/ol>\n<p>* La raci\u00f3n (con las claras) aporta 163 kcal, 18 g de prote\u00edna, 11 g de gl\u00facidos y 5 g de grasa. Una merienda perfecta, incluso un postre superligero (una raci\u00f3n de tarta \u00abnormal\u00bb ronda las 400-500 kcal).<\/p>\n[\/et_pb_text][\/et_pb_column][\/et_pb_row][\/et_pb_section]\n","protected":false},"excerpt":{"rendered":"<p>Pastel esponjoso de yogurt y pepitas de chocolate\u00a0 A menudo nos encontramos en redes recetas de postres \u00abfit\u00bb o \u00absin gluten\u00bb o \u00absaludables\u00bb o \u00abaltas en prote\u00ednas\u00bb que realmente no son tal cosa. As\u00ed que aqu\u00ed os traemos uno que s\u00ed es todo lo anterior. 1 horaF\u00e1cilIngredientes 400 g de skyr o yogur natural cremoso [&hellip;]<\/p>\n","protected":false},"author":1,"featured_media":36238,"comment_status":"closed","ping_status":"closed","template":"","meta":{"_et_pb_use_builder":"on","_et_pb_old_content":"","_et_gb_content_width":"","footnotes":""},"project_category":[228,229],"project_tag":[],"class_list":["post-36245","project","type-project","status-publish","has-post-thumbnail","hentry","project_category-postres","project_category-postres-es"],"yoast_head":"<!-- This site is optimized with the Yoast SEO plugin v27.5 - https:\/\/yoast.com\/product\/yoast-seo-wordpress\/ -->\n<title>Pastel esponjoso de yogurt y pepitas de chocolate - Think Eat | Espai de Nutrici\u00f3 | Barcelona<\/title>\n<meta name=\"description\" content=\"Pastel esponjoso de yogur y pepites de chocolate, una receta realmente &quot;fit&quot;, saludable, sin gluten y alta en prote\u00edna.\" \/>\n<meta name=\"robots\" content=\"index, follow, max-snippet:-1, max-image-preview:large, max-video-preview:-1\" \/>\n<link rel=\"canonical\" href=\"https:\/\/thinkeat.cat\/project\/pastis-esponjos-de-iogurt-i-pepites-de-xocolata\/\" \/>\n<meta property=\"og:locale\" content=\"es_ES\" \/>\n<meta property=\"og:type\" content=\"article\" \/>\n<meta property=\"og:title\" content=\"Pastel esponjoso de yogurt y pepitas de chocolate - Think Eat | Espai de Nutrici\u00f3 | Barcelona\" \/>\n<meta property=\"og:description\" content=\"Pastel esponjoso de yogur y pepites de chocolate, una receta realmente &quot;fit&quot;, saludable, sin gluten y alta en prote\u00edna.\" \/>\n<meta property=\"og:url\" content=\"https:\/\/thinkeat.cat\/project\/pastis-esponjos-de-iogurt-i-pepites-de-xocolata\/\" \/>\n<meta property=\"og:site_name\" content=\"Think Eat | Espai de Nutrici\u00f3 | Barcelona\" \/>\n<meta property=\"article:publisher\" content=\"https:\/\/www.facebook.com\/EspaiThinkEat\/\" \/>\n<meta property=\"article:modified_time\" content=\"2026-03-26T14:55:04+00:00\" \/>\n<meta property=\"og:image\" content=\"https:\/\/thinkeat.cat\/wp-content\/uploads\/2026\/03\/WhatsApp-Image-2026-03-18-at-15.31.32.jpeg\" \/>\n\t<meta property=\"og:image:width\" content=\"1238\" \/>\n\t<meta property=\"og:image:height\" content=\"1600\" \/>\n\t<meta property=\"og:image:type\" content=\"image\/jpeg\" \/>\n<meta name=\"twitter:label1\" content=\"Tiempo de lectura\" \/>\n\t<meta name=\"twitter:data1\" content=\"2 minutos\" \/>\n<script type=\"application\/ld+json\" class=\"yoast-schema-graph\">{\"@context\":\"https:\\\/\\\/schema.org\",\"@graph\":[{\"@type\":\"WebPage\",\"@id\":\"https:\\\/\\\/thinkeat.cat\\\/project\\\/pastis-esponjos-de-iogurt-i-pepites-de-xocolata\\\/\",\"url\":\"https:\\\/\\\/thinkeat.cat\\\/project\\\/pastis-esponjos-de-iogurt-i-pepites-de-xocolata\\\/\",\"name\":\"Pastel esponjoso de yogurt y pepitas de chocolate - Think Eat | Espai de Nutrici\u00f3 | Barcelona\",\"isPartOf\":{\"@id\":\"https:\\\/\\\/thinkeat.cat\\\/#website\"},\"primaryImageOfPage\":{\"@id\":\"https:\\\/\\\/thinkeat.cat\\\/project\\\/pastis-esponjos-de-iogurt-i-pepites-de-xocolata\\\/#primaryimage\"},\"image\":{\"@id\":\"https:\\\/\\\/thinkeat.cat\\\/project\\\/pastis-esponjos-de-iogurt-i-pepites-de-xocolata\\\/#primaryimage\"},\"thumbnailUrl\":\"https:\\\/\\\/thinkeat.cat\\\/wp-content\\\/uploads\\\/2026\\\/03\\\/WhatsApp-Image-2026-03-18-at-15.31.32.jpeg\",\"datePublished\":\"2026-03-26T14:39:29+00:00\",\"dateModified\":\"2026-03-26T14:55:04+00:00\",\"description\":\"Pastel esponjoso de yogur y pepites de chocolate, una receta realmente \\\"fit\\\", saludable, sin gluten y alta en prote\u00edna.\",\"breadcrumb\":{\"@id\":\"https:\\\/\\\/thinkeat.cat\\\/project\\\/pastis-esponjos-de-iogurt-i-pepites-de-xocolata\\\/#breadcrumb\"},\"inLanguage\":\"es\",\"potentialAction\":[{\"@type\":\"ReadAction\",\"target\":[\"https:\\\/\\\/thinkeat.cat\\\/project\\\/pastis-esponjos-de-iogurt-i-pepites-de-xocolata\\\/\"]}]},{\"@type\":\"ImageObject\",\"inLanguage\":\"es\",\"@id\":\"https:\\\/\\\/thinkeat.cat\\\/project\\\/pastis-esponjos-de-iogurt-i-pepites-de-xocolata\\\/#primaryimage\",\"url\":\"https:\\\/\\\/thinkeat.cat\\\/wp-content\\\/uploads\\\/2026\\\/03\\\/WhatsApp-Image-2026-03-18-at-15.31.32.jpeg\",\"contentUrl\":\"https:\\\/\\\/thinkeat.cat\\\/wp-content\\\/uploads\\\/2026\\\/03\\\/WhatsApp-Image-2026-03-18-at-15.31.32.jpeg\",\"width\":1238,\"height\":1600,\"caption\":\"Past\u00eds esponj\u00f3s de iogurt i pepites de xocolata\"},{\"@type\":\"BreadcrumbList\",\"@id\":\"https:\\\/\\\/thinkeat.cat\\\/project\\\/pastis-esponjos-de-iogurt-i-pepites-de-xocolata\\\/#breadcrumb\",\"itemListElement\":[{\"@type\":\"ListItem\",\"position\":1,\"name\":\"Portada\",\"item\":\"https:\\\/\\\/thinkeat.cat\\\/\"},{\"@type\":\"ListItem\",\"position\":2,\"name\":\"Proyectos\",\"item\":\"https:\\\/\\\/thinkeat.cat\\\/project\\\/\"},{\"@type\":\"ListItem\",\"position\":3,\"name\":\"Pastel esponjoso de yogurt y pepitas de chocolate\"}]},{\"@type\":\"WebSite\",\"@id\":\"https:\\\/\\\/thinkeat.cat\\\/#website\",\"url\":\"https:\\\/\\\/thinkeat.cat\\\/\",\"name\":\"Think Eat | Espai de Nutrici\u00f3 | Barcelona\",\"description\":\"Think Eat, el teu espai d&#039;assessorament i coaching nutricional dedicat a guiar-te cap a una vida plena de salut i benestar.\",\"publisher\":{\"@id\":\"https:\\\/\\\/thinkeat.cat\\\/#organization\"},\"alternateName\":\"Think Eat\",\"potentialAction\":[{\"@type\":\"SearchAction\",\"target\":{\"@type\":\"EntryPoint\",\"urlTemplate\":\"https:\\\/\\\/thinkeat.cat\\\/?s={search_term_string}\"},\"query-input\":{\"@type\":\"PropertyValueSpecification\",\"valueRequired\":true,\"valueName\":\"search_term_string\"}}],\"inLanguage\":\"es\"},{\"@type\":\"Organization\",\"@id\":\"https:\\\/\\\/thinkeat.cat\\\/#organization\",\"name\":\"Think Eat | Espai de Nutrici\u00f3 | Barcelona\",\"alternateName\":\"Think Eat\",\"url\":\"https:\\\/\\\/thinkeat.cat\\\/\",\"logo\":{\"@type\":\"ImageObject\",\"inLanguage\":\"es\",\"@id\":\"https:\\\/\\\/thinkeat.cat\\\/#\\\/schema\\\/logo\\\/image\\\/\",\"url\":\"https:\\\/\\\/thinkeat.cat\\\/wp-content\\\/uploads\\\/2024\\\/05\\\/Logo-1.png\",\"contentUrl\":\"https:\\\/\\\/thinkeat.cat\\\/wp-content\\\/uploads\\\/2024\\\/05\\\/Logo-1.png\",\"width\":587,\"height\":128,\"caption\":\"Think Eat | Espai de Nutrici\u00f3 | Barcelona\"},\"image\":{\"@id\":\"https:\\\/\\\/thinkeat.cat\\\/#\\\/schema\\\/logo\\\/image\\\/\"},\"sameAs\":[\"https:\\\/\\\/www.facebook.com\\\/EspaiThinkEat\\\/\",\"https:\\\/\\\/www.instagram.com\\\/EspaiThinkEat\"]}]}<\/script>\n<!-- \/ Yoast SEO plugin. -->","yoast_head_json":{"title":"Pastel esponjoso de yogurt y pepitas de chocolate - Think Eat | Espai de Nutrici\u00f3 | Barcelona","description":"Pastel esponjoso de yogur y pepites de chocolate, una receta realmente \"fit\", saludable, sin gluten y alta en prote\u00edna.","robots":{"index":"index","follow":"follow","max-snippet":"max-snippet:-1","max-image-preview":"max-image-preview:large","max-video-preview":"max-video-preview:-1"},"canonical":"https:\/\/thinkeat.cat\/project\/pastis-esponjos-de-iogurt-i-pepites-de-xocolata\/","og_locale":"es_ES","og_type":"article","og_title":"Pastel esponjoso de yogurt y pepitas de chocolate - Think Eat | Espai de Nutrici\u00f3 | Barcelona","og_description":"Pastel esponjoso de yogur y pepites de chocolate, una receta realmente \"fit\", saludable, sin gluten y alta en prote\u00edna.","og_url":"https:\/\/thinkeat.cat\/project\/pastis-esponjos-de-iogurt-i-pepites-de-xocolata\/","og_site_name":"Think Eat | Espai de Nutrici\u00f3 | Barcelona","article_publisher":"https:\/\/www.facebook.com\/EspaiThinkEat\/","article_modified_time":"2026-03-26T14:55:04+00:00","og_image":[{"width":1238,"height":1600,"url":"https:\/\/thinkeat.cat\/wp-content\/uploads\/2026\/03\/WhatsApp-Image-2026-03-18-at-15.31.32.jpeg","type":"image\/jpeg"}],"twitter_misc":{"Tiempo de lectura":"2 minutos"},"schema":{"@context":"https:\/\/schema.org","@graph":[{"@type":"WebPage","@id":"https:\/\/thinkeat.cat\/project\/pastis-esponjos-de-iogurt-i-pepites-de-xocolata\/","url":"https:\/\/thinkeat.cat\/project\/pastis-esponjos-de-iogurt-i-pepites-de-xocolata\/","name":"Pastel esponjoso de yogurt y pepitas de chocolate - Think Eat | Espai de Nutrici\u00f3 | Barcelona","isPartOf":{"@id":"https:\/\/thinkeat.cat\/#website"},"primaryImageOfPage":{"@id":"https:\/\/thinkeat.cat\/project\/pastis-esponjos-de-iogurt-i-pepites-de-xocolata\/#primaryimage"},"image":{"@id":"https:\/\/thinkeat.cat\/project\/pastis-esponjos-de-iogurt-i-pepites-de-xocolata\/#primaryimage"},"thumbnailUrl":"https:\/\/thinkeat.cat\/wp-content\/uploads\/2026\/03\/WhatsApp-Image-2026-03-18-at-15.31.32.jpeg","datePublished":"2026-03-26T14:39:29+00:00","dateModified":"2026-03-26T14:55:04+00:00","description":"Pastel esponjoso de yogur y pepites de chocolate, una receta realmente \"fit\", saludable, sin gluten y alta en prote\u00edna.","breadcrumb":{"@id":"https:\/\/thinkeat.cat\/project\/pastis-esponjos-de-iogurt-i-pepites-de-xocolata\/#breadcrumb"},"inLanguage":"es","potentialAction":[{"@type":"ReadAction","target":["https:\/\/thinkeat.cat\/project\/pastis-esponjos-de-iogurt-i-pepites-de-xocolata\/"]}]},{"@type":"ImageObject","inLanguage":"es","@id":"https:\/\/thinkeat.cat\/project\/pastis-esponjos-de-iogurt-i-pepites-de-xocolata\/#primaryimage","url":"https:\/\/thinkeat.cat\/wp-content\/uploads\/2026\/03\/WhatsApp-Image-2026-03-18-at-15.31.32.jpeg","contentUrl":"https:\/\/thinkeat.cat\/wp-content\/uploads\/2026\/03\/WhatsApp-Image-2026-03-18-at-15.31.32.jpeg","width":1238,"height":1600,"caption":"Past\u00eds esponj\u00f3s de iogurt i pepites de xocolata"},{"@type":"BreadcrumbList","@id":"https:\/\/thinkeat.cat\/project\/pastis-esponjos-de-iogurt-i-pepites-de-xocolata\/#breadcrumb","itemListElement":[{"@type":"ListItem","position":1,"name":"Portada","item":"https:\/\/thinkeat.cat\/"},{"@type":"ListItem","position":2,"name":"Proyectos","item":"https:\/\/thinkeat.cat\/project\/"},{"@type":"ListItem","position":3,"name":"Pastel esponjoso de yogurt y pepitas de chocolate"}]},{"@type":"WebSite","@id":"https:\/\/thinkeat.cat\/#website","url":"https:\/\/thinkeat.cat\/","name":"Think Eat | Espai de Nutrici\u00f3 | Barcelona","description":"Think Eat, el teu espai d&#039;assessorament i coaching nutricional dedicat a guiar-te cap a una vida plena de salut i benestar.","publisher":{"@id":"https:\/\/thinkeat.cat\/#organization"},"alternateName":"Think Eat","potentialAction":[{"@type":"SearchAction","target":{"@type":"EntryPoint","urlTemplate":"https:\/\/thinkeat.cat\/?s={search_term_string}"},"query-input":{"@type":"PropertyValueSpecification","valueRequired":true,"valueName":"search_term_string"}}],"inLanguage":"es"},{"@type":"Organization","@id":"https:\/\/thinkeat.cat\/#organization","name":"Think Eat | Espai de Nutrici\u00f3 | Barcelona","alternateName":"Think Eat","url":"https:\/\/thinkeat.cat\/","logo":{"@type":"ImageObject","inLanguage":"es","@id":"https:\/\/thinkeat.cat\/#\/schema\/logo\/image\/","url":"https:\/\/thinkeat.cat\/wp-content\/uploads\/2024\/05\/Logo-1.png","contentUrl":"https:\/\/thinkeat.cat\/wp-content\/uploads\/2024\/05\/Logo-1.png","width":587,"height":128,"caption":"Think Eat | Espai de Nutrici\u00f3 | Barcelona"},"image":{"@id":"https:\/\/thinkeat.cat\/#\/schema\/logo\/image\/"},"sameAs":["https:\/\/www.facebook.com\/EspaiThinkEat\/","https:\/\/www.instagram.com\/EspaiThinkEat"]}]}},"_links":{"self":[{"href":"https:\/\/thinkeat.cat\/es\/wp-json\/wp\/v2\/project\/36245","targetHints":{"allow":["GET"]}}],"collection":[{"href":"https:\/\/thinkeat.cat\/es\/wp-json\/wp\/v2\/project"}],"about":[{"href":"https:\/\/thinkeat.cat\/es\/wp-json\/wp\/v2\/types\/project"}],"author":[{"embeddable":true,"href":"https:\/\/thinkeat.cat\/es\/wp-json\/wp\/v2\/users\/1"}],"replies":[{"embeddable":true,"href":"https:\/\/thinkeat.cat\/es\/wp-json\/wp\/v2\/comments?post=36245"}],"version-history":[{"count":3,"href":"https:\/\/thinkeat.cat\/es\/wp-json\/wp\/v2\/project\/36245\/revisions"}],"predecessor-version":[{"id":36249,"href":"https:\/\/thinkeat.cat\/es\/wp-json\/wp\/v2\/project\/36245\/revisions\/36249"}],"wp:featuredmedia":[{"embeddable":true,"href":"https:\/\/thinkeat.cat\/es\/wp-json\/wp\/v2\/media\/36238"}],"wp:attachment":[{"href":"https:\/\/thinkeat.cat\/es\/wp-json\/wp\/v2\/media?parent=36245"}],"wp:term":[{"taxonomy":"project_category","embeddable":true,"href":"https:\/\/thinkeat.cat\/es\/wp-json\/wp\/v2\/project_category?post=36245"},{"taxonomy":"project_tag","embeddable":true,"href":"https:\/\/thinkeat.cat\/es\/wp-json\/wp\/v2\/project_tag?post=36245"}],"curies":[{"name":"wp","href":"https:\/\/api.w.org\/{rel}","templated":true}]}}