{"id":36219,"date":"2026-03-05T12:59:17","date_gmt":"2026-03-05T11:59:17","guid":{"rendered":"https:\/\/thinkeat.cat\/project\/maionesa-light-i-proteica\/"},"modified":"2026-03-05T13:03:21","modified_gmt":"2026-03-05T12:03:21","slug":"mayonesa-light-y-proteica","status":"publish","type":"project","link":"https:\/\/thinkeat.cat\/es\/project\/mayonesa-light-y-proteica\/","title":{"rendered":"Mayonesa light y proteica"},"content":{"rendered":"[et_pb_section fb_built=\u00bb1&#8243; admin_label=\u00bbHeader\u00bb _builder_version=\u00bb4.24.2&#8243; _module_preset=\u00bbdefault\u00bb background_image=\u00bbhttps:\/\/thinkeat.cat\/wp-content\/uploads\/2024\/03\/test1b.png\u00bb background_size=\u00bbinitial\u00bb background_position=\u00bbtop_left\u00bb background_horizontal_offset=\u00bb70%\u00bb collapsed=\u00bbon\u00bb global_colors_info=\u00bb{}\u00bb][et_pb_row _builder_version=\u00bb4.22.0&#8243; _module_preset=\u00bbdefault\u00bb global_colors_info=\u00bb{}\u00bb][et_pb_column type=\u00bb4_4&#8243; _builder_version=\u00bb4.22.0&#8243; _module_preset=\u00bbdefault\u00bb global_colors_info=\u00bb{}\u00bb][et_pb_text _builder_version=\u00bb4.27.6&#8243; _module_preset=\u00bb0253ebdf-c171-4189-b6b9-31410c9ab03a\u00bb header_font_size=\u00bb60px\u00bb hover_enabled=\u00bb0&#8243; global_colors_info=\u00bb{}\u00bb sticky_enabled=\u00bb0&#8243;]\n<h1><strong>Mayonesa light y proteica<\/strong><\/h1>\n[\/et_pb_text][et_pb_text _builder_version=\u00bb4.27.6&#8243; _module_preset=\u00bbf72d336e-9e7c-4e91-8159-74c00ba84462&#8243; text_font=\u00bbInter||||||||\u00bb text_font_size=\u00bb20px\u00bb text_line_height=\u00bb1.8em\u00bb hover_enabled=\u00bb0&#8243; global_colors_info=\u00bb{}\u00bb sticky_enabled=\u00bb0&#8243;]\n<blockquote>\n<p>Esta <a href=\"https:\/\/www.instagram.com\/p\/DVbTIkeDkXR\/\">receta<\/a> sencilla es ideal para dar un toque rico a tus comidas del d\u00eda a d\u00eda. La mayonesa tradicional, siempre que est\u00e9 hecha en casa con aceite de oliva virgen, es una salsa muy saludable aunque muy cal\u00f3rica. Es por eso que para aquellos que est\u00e9is controlando el peso o quer\u00e1is reducir el consumo de grasas, os traemos esta opci\u00f3n de mayonesa baja en calor\u00edas, que os va a permitir elaborar recetas como la ensaladilla rusa, huevos rellenos, s\u00e1ndwiches y muchas m\u00e1s en una versi\u00f3n mucho m\u00e1s ligera.<\/p>\n<p data-start=\"349\" data-end=\"390\"><\/blockquote>\n[\/et_pb_text][\/et_pb_column][\/et_pb_row][\/et_pb_section][et_pb_section fb_built=\u00bb1&#8243; specialty=\u00bbon\u00bb _builder_version=\u00bb4.24.2&#8243; _module_preset=\u00bbdefault\u00bb background_color=\u00bbgcid-946866d9-c2b9-4b1f-9c7c-a55f3a135378&#8243; custom_padding=\u00bb27px|||||\u00bb box_shadow_style=\u00bbpreset1&#8243; global_colors_info=\u00bb{%22gcid-946866d9-c2b9-4b1f-9c7c-a55f3a135378%22:%91%22background_color%22%93}\u00bb][et_pb_column type=\u00bb1_2&#8243; specialty_columns=\u00bb2&#8243; _builder_version=\u00bb4.16&#8243; custom_padding=\u00bb|||\u00bb global_colors_info=\u00bb{}\u00bb custom_padding__hover=\u00bb|||\u00bb][et_pb_row_inner column_structure=\u00bb1_2,1_2&#8243; _builder_version=\u00bb4.24.2&#8243; _module_preset=\u00bbdefault\u00bb global_colors_info=\u00bb{}\u00bb][et_pb_column_inner type=\u00bb1_2&#8243; saved_specialty_column_type=\u00bb1_2&#8243; _builder_version=\u00bb4.24.2&#8243; _module_preset=\u00bbdefault\u00bb global_colors_info=\u00bb{}\u00bb][et_pb_blurb title=\u00bbTiempo:\u00bb use_icon=\u00bbon\u00bb font_icon=\u00bb&#xf017;||fa||400&#8243; icon_placement=\u00bbleft\u00bb _builder_version=\u00bb4.27.6&#8243; _module_preset=\u00bbdefault\u00bb header_font=\u00bb|700|||||||\u00bb header_text_color=\u00bb#978578&#8243; header_font_size=\u00bb25px\u00bb body_text_color=\u00bb#978578&#8243; hover_enabled=\u00bb0&#8243; global_colors_info=\u00bb{}\u00bb sticky_enabled=\u00bb0&#8243;]\n<p><b>15-20 min<\/b><\/p>\n[\/et_pb_blurb][\/et_pb_column_inner][et_pb_column_inner type=\u00bb1_2&#8243; saved_specialty_column_type=\u00bb1_2&#8243; _builder_version=\u00bb4.24.2&#8243; _module_preset=\u00bbdefault\u00bb global_colors_info=\u00bb{}\u00bb][et_pb_blurb title=\u00bbDificultad:\u00bb use_icon=\u00bbon\u00bb font_icon=\u00bb&#xf564;||fa||900&#8243; icon_placement=\u00bbleft\u00bb _builder_version=\u00bb4.27.6&#8243; _module_preset=\u00bbdefault\u00bb header_font=\u00bb|700|||||||\u00bb header_text_color=\u00bb#978578&#8243; header_font_size=\u00bb25px\u00bb body_text_color=\u00bb#978578&#8243; hover_enabled=\u00bb0&#8243; global_colors_info=\u00bb{}\u00bb sticky_enabled=\u00bb0&#8243;]\n<p><strong>F\u00e1cil<\/strong><\/p>\n[\/et_pb_blurb][\/et_pb_column_inner][\/et_pb_row_inner][et_pb_row_inner _builder_version=\u00bb4.24.2&#8243; _module_preset=\u00bbdefault\u00bb global_colors_info=\u00bb{}\u00bb][et_pb_column_inner saved_specialty_column_type=\u00bb1_2&#8243; _builder_version=\u00bb4.24.2&#8243; _module_preset=\u00bbdefault\u00bb global_colors_info=\u00bb{}\u00bb][et_pb_text _builder_version=\u00bb4.27.6&#8243; _module_preset=\u00bb78057167-2dd0-4a64-a7c8-18e991a4f6fa\u00bb header_2_font_size=\u00bb44px\u00bb header_2_line_height=\u00bb1.3em\u00bb custom_margin=\u00bb||10px||false|false\u00bb hover_enabled=\u00bb0&#8243; global_colors_info=\u00bb{}\u00bb sticky_enabled=\u00bb0&#8243;]\n<h2>Ingredientes<\/h2>\n[\/et_pb_text][et_pb_text _builder_version=\u00bb4.27.6&#8243; _module_preset=\u00bbe79a0383-3290-4062-9733-83c5523e385f\u00bb text_font=\u00bbInter||||||||\u00bb text_font_size=\u00bb16px\u00bb text_line_height=\u00bb1.8em\u00bb custom_margin=\u00bb||20px|||\u00bb hover_enabled=\u00bb0&#8243; global_colors_info=\u00bb{}\u00bb sticky_enabled=\u00bb0&#8243;]\n<ul>\n<li>\n<p>\u00a02 huevos cocidos<\/p>\n<\/li>\n<li>\n<p>1 yogur cremoso, griego light o skyr (120g)<\/p>\n<\/li>\n<li>\n<p>1 cucharada peque\u00f1a de mostaza<\/p>\n<\/li>\n<li>\n<p>1 chorrito de vinagre de vino o zumo de lim\u00f3n<\/p>\n<\/li>\n<li>\n<p>\u00a0Sal<\/p>\n<p>&nbsp;<\/p>\n<\/li>\n<\/ul>\n[\/et_pb_text][et_pb_icon font_icon=\u00bb&#xe03a;||divi||400&#8243; icon_width=\u00bb65px\u00bb _builder_version=\u00bb4.24.2&#8243; _module_preset=\u00bbdefault\u00bb global_colors_info=\u00bb{}\u00bb][\/et_pb_icon][\/et_pb_column_inner][\/et_pb_row_inner][et_pb_row_inner _builder_version=\u00bb4.24.2&#8243; _module_preset=\u00bbdefault\u00bb global_colors_info=\u00bb{}\u00bb][et_pb_column_inner saved_specialty_column_type=\u00bb1_2&#8243; _builder_version=\u00bb4.24.2&#8243; _module_preset=\u00bbdefault\u00bb global_colors_info=\u00bb{}\u00bb][et_pb_code _builder_version=\u00bb4.27.4&#8243; _module_preset=\u00bbdefault\u00bb global_colors_info=\u00bb{}\u00bb]<span class=\"collapseomatic \" id=\"id69f485640a6b7\"  tabindex=\"0\" title=\"\"    ><\/span><div id=\"target-id69f485640a6b7\" class=\"collapseomatic_content \"><!-- [et_pb_line_break_holder] --><a href=\"https:\/\/thinkeat.cat\/es\/\"><\/a><!-- [et_pb_line_break_holder] --><!-- [et_pb_line_break_holder] --><!-- [et_pb_line_break_holder] -->Les cremes de verdures s\u00f3n un plat vers\u00e0til que pots versionar durant tot l\u2019any. A l\u2019hivern, aprofita carbassa, porro o coliflor per a receptes reconfortants; a la primavera, carbass\u00f3 o esp\u00e0rrecs. L\u2019estiu convida a cremes fredes amb tom\u00e0quet o cogombre, mentre que a la tardor els bolets i la pastanaga prenen protagonisme. Cada estaci\u00f3 ofereix infinites combinacions delicioses i saludables!<!-- [et_pb_line_break_holder] --><!-- [et_pb_line_break_holder] --><!-- [et_pb_line_break_holder] --><!-- [et_pb_line_break_holder] --><\/div><!-- [et_pb_line_break_holder] --><!-- [et_pb_line_break_holder] --><!-- [et_pb_line_break_holder] --><!-- [et_pb_line_break_holder] -->[\/et_pb_code][\/et_pb_column_inner][\/et_pb_row_inner][\/et_pb_column][et_pb_column type=\u00bb1_2&#8243; _builder_version=\u00bb4.16&#8243; custom_padding=\u00bb|||\u00bb global_colors_info=\u00bb{}\u00bb custom_padding__hover=\u00bb|||\u00bb][et_pb_image src=\u00bbhttps:\/\/thinkeat.cat\/wp-content\/uploads\/2026\/03\/download-1.jpg\u00bb alt=\u00bbMaionesa\u00bb title_text=\u00bbdownload-1&#8243; _builder_version=\u00bb4.27.6&#8243; _module_preset=\u00bbdefault\u00bb global_colors_info=\u00bb{}\u00bb][\/et_pb_image][\/et_pb_column][\/et_pb_section][et_pb_section fb_built=\u00bb1&#8243; admin_label=\u00bbFeatures\u00bb _builder_version=\u00bb4.22.0&#8243; _module_preset=\u00bbdefault\u00bb background_image=\u00bbhttps:\/\/thinkeat.cat\/wp-content\/uploads\/2024\/03\/nutrition-coaching-illustration-17@2x.png\u00bb background_size=\u00bbcustom\u00bb background_image_width=\u00bb30%\u00bb background_position=\u00bbbottom_left\u00bb background_horizontal_offset=\u00bb-10vw\u00bb background_vertical_offset=\u00bb-2vw\u00bb collapsed=\u00bbon\u00bb global_colors_info=\u00bb{}\u00bb][et_pb_row _builder_version=\u00bb4.24.2&#8243; _module_preset=\u00bbdefault\u00bb global_colors_info=\u00bb{}\u00bb][et_pb_column type=\u00bb4_4&#8243; _builder_version=\u00bb4.22.0&#8243; _module_preset=\u00bbdefault\u00bb background_color=\u00bb#FFFFFF\u00bb custom_padding=\u00bb40px|40px|40px|40px|true|true\u00bb custom_padding_tablet=\u00bb30px|30px|30px|30px|true|true\u00bb custom_padding_phone=\u00bb20px|20px|20px|20px|true|true\u00bb custom_padding_last_edited=\u00bbon|tablet\u00bb box_shadow_style=\u00bbpreset4&#8243; box_shadow_horizontal=\u00bb0px\u00bb box_shadow_blur=\u00bb60px\u00bb box_shadow_spread=\u00bb-10px\u00bb box_shadow_color=\u00bbrgba(0,0,0,0.15)\u00bb global_colors_info=\u00bb{}\u00bb][et_pb_text _builder_version=\u00bb4.27.6&#8243; _module_preset=\u00bb78057167-2dd0-4a64-a7c8-18e991a4f6fa\u00bb header_2_font_size=\u00bb44px\u00bb custom_margin=\u00bb||10px||false|false\u00bb hover_enabled=\u00bb0&#8243; global_colors_info=\u00bb{}\u00bb sticky_enabled=\u00bb0&#8243;]\n<h2>Elaboraci\u00f3n<\/h2>\n[\/et_pb_text][et_pb_text _builder_version=\u00bb4.27.6&#8243; _module_preset=\u00bbe79a0383-3290-4062-9733-83c5523e385f\u00bb text_font=\u00bbInter||||||||\u00bb text_font_size=\u00bb16px\u00bb text_line_height=\u00bb1.8em\u00bb hover_enabled=\u00bb0&#8243; global_colors_info=\u00bb{}\u00bb sticky_enabled=\u00bb0&#8243;]\n<ol>\n<li>En primer lugar, si no tenemos los huevos cocidos, en una cacerola ponemos agua a hervir y cocemos los huevos unos 12 minutos. Si a\u00f1ades un chorro de vinagre en el agua de cocci\u00f3n ayudar\u00e1 a pelar los huevos de manera m\u00e1s f\u00e1cil.<\/li>\n<li>Una vez tengamos los huevos cocidos, los pasamos por agua fr\u00eda y los pelamos. A\u00f1\u00e1delos en un bote para la batidora junto al yogur, la cucharada de mostaza, un chorrito de vinagre de vino o zumo de lim\u00f3n y una pizca de sal.<\/li>\n<li>\u00a1B\u00e1telo todo junto hasta que quede una mezcla homog\u00e9nea y listo!<\/li>\n<\/ol>\n<p data-start=\"1301\" data-end=\"1412\">*Al no llevar huevo crudo, no genera el mismo riesgo que la mayonesa convencional y se puede guardar varios d\u00edas en la nevera. \u2060<\/p>\n<p>&nbsp;<\/p>\n[\/et_pb_text][\/et_pb_column][\/et_pb_row][\/et_pb_section]\n","protected":false},"excerpt":{"rendered":"<p>Mayonesa light y proteica Esta receta sencilla es ideal para dar un toque rico a tus comidas del d\u00eda a d\u00eda. La mayonesa tradicional, siempre que est\u00e9 hecha en casa con aceite de oliva virgen, es una salsa muy saludable aunque muy cal\u00f3rica. Es por eso que para aquellos que est\u00e9is controlando el peso o [&hellip;]<\/p>\n","protected":false},"author":1,"featured_media":36213,"comment_status":"closed","ping_status":"closed","template":"","meta":{"_et_pb_use_builder":"on","_et_pb_old_content":"","_et_gb_content_width":"","footnotes":""},"project_category":[202,172],"project_tag":[],"class_list":["post-36219","project","type-project","status-publish","has-post-thumbnail","hentry","project_category-salsas-y-pates","project_category-salses-i-pates"],"yoast_head":"<!-- This site is optimized with the Yoast SEO plugin v27.5 - https:\/\/yoast.com\/product\/yoast-seo-wordpress\/ -->\n<title>Mayonesa light y proteica - Think Eat | Espai de Nutrici\u00f3 | Barcelona<\/title>\n<meta name=\"description\" content=\"Mayonesa light y proteica: esta receta sencilla es ideal para dar un toque rico a tus comidas del d\u00eda a d\u00eda.\" \/>\n<meta name=\"robots\" content=\"index, follow, max-snippet:-1, max-image-preview:large, max-video-preview:-1\" \/>\n<link rel=\"canonical\" href=\"https:\/\/thinkeat.cat\/project\/maionesa-light-i-proteica\/\" \/>\n<meta property=\"og:locale\" content=\"es_ES\" \/>\n<meta property=\"og:type\" content=\"article\" \/>\n<meta property=\"og:title\" content=\"Mayonesa light y proteica - Think Eat | Espai de Nutrici\u00f3 | Barcelona\" \/>\n<meta property=\"og:description\" content=\"Mayonesa light y proteica: esta receta sencilla es ideal para dar un toque rico a tus comidas del d\u00eda a d\u00eda.\" \/>\n<meta property=\"og:url\" content=\"https:\/\/thinkeat.cat\/project\/maionesa-light-i-proteica\/\" \/>\n<meta property=\"og:site_name\" content=\"Think Eat | Espai de Nutrici\u00f3 | Barcelona\" \/>\n<meta property=\"article:publisher\" content=\"https:\/\/www.facebook.com\/EspaiThinkEat\/\" \/>\n<meta property=\"article:modified_time\" content=\"2026-03-05T12:03:21+00:00\" \/>\n<meta property=\"og:image\" content=\"https:\/\/thinkeat.cat\/wp-content\/uploads\/2026\/03\/download-1.jpg\" \/>\n\t<meta property=\"og:image:width\" content=\"1440\" \/>\n\t<meta property=\"og:image:height\" content=\"1778\" \/>\n\t<meta property=\"og:image:type\" content=\"image\/jpeg\" \/>\n<meta name=\"twitter:label1\" content=\"Tiempo de lectura\" \/>\n\t<meta name=\"twitter:data1\" content=\"2 minutos\" \/>\n<script type=\"application\/ld+json\" class=\"yoast-schema-graph\">{\"@context\":\"https:\\\/\\\/schema.org\",\"@graph\":[{\"@type\":\"WebPage\",\"@id\":\"https:\\\/\\\/thinkeat.cat\\\/project\\\/maionesa-light-i-proteica\\\/\",\"url\":\"https:\\\/\\\/thinkeat.cat\\\/project\\\/maionesa-light-i-proteica\\\/\",\"name\":\"Mayonesa light y proteica - Think Eat | Espai de Nutrici\u00f3 | Barcelona\",\"isPartOf\":{\"@id\":\"https:\\\/\\\/thinkeat.cat\\\/#website\"},\"primaryImageOfPage\":{\"@id\":\"https:\\\/\\\/thinkeat.cat\\\/project\\\/maionesa-light-i-proteica\\\/#primaryimage\"},\"image\":{\"@id\":\"https:\\\/\\\/thinkeat.cat\\\/project\\\/maionesa-light-i-proteica\\\/#primaryimage\"},\"thumbnailUrl\":\"https:\\\/\\\/thinkeat.cat\\\/wp-content\\\/uploads\\\/2026\\\/03\\\/download-1.jpg\",\"datePublished\":\"2026-03-05T11:59:17+00:00\",\"dateModified\":\"2026-03-05T12:03:21+00:00\",\"description\":\"Mayonesa light y proteica: esta receta sencilla es ideal para dar un toque rico a tus comidas del d\u00eda a d\u00eda.\",\"breadcrumb\":{\"@id\":\"https:\\\/\\\/thinkeat.cat\\\/project\\\/maionesa-light-i-proteica\\\/#breadcrumb\"},\"inLanguage\":\"es\",\"potentialAction\":[{\"@type\":\"ReadAction\",\"target\":[\"https:\\\/\\\/thinkeat.cat\\\/project\\\/maionesa-light-i-proteica\\\/\"]}]},{\"@type\":\"ImageObject\",\"inLanguage\":\"es\",\"@id\":\"https:\\\/\\\/thinkeat.cat\\\/project\\\/maionesa-light-i-proteica\\\/#primaryimage\",\"url\":\"https:\\\/\\\/thinkeat.cat\\\/wp-content\\\/uploads\\\/2026\\\/03\\\/download-1.jpg\",\"contentUrl\":\"https:\\\/\\\/thinkeat.cat\\\/wp-content\\\/uploads\\\/2026\\\/03\\\/download-1.jpg\",\"width\":1440,\"height\":1778,\"caption\":\"Maionesa\"},{\"@type\":\"BreadcrumbList\",\"@id\":\"https:\\\/\\\/thinkeat.cat\\\/project\\\/maionesa-light-i-proteica\\\/#breadcrumb\",\"itemListElement\":[{\"@type\":\"ListItem\",\"position\":1,\"name\":\"Portada\",\"item\":\"https:\\\/\\\/thinkeat.cat\\\/\"},{\"@type\":\"ListItem\",\"position\":2,\"name\":\"Proyectos\",\"item\":\"https:\\\/\\\/thinkeat.cat\\\/project\\\/\"},{\"@type\":\"ListItem\",\"position\":3,\"name\":\"Mayonesa light y proteica\"}]},{\"@type\":\"WebSite\",\"@id\":\"https:\\\/\\\/thinkeat.cat\\\/#website\",\"url\":\"https:\\\/\\\/thinkeat.cat\\\/\",\"name\":\"Think Eat | Espai de Nutrici\u00f3 | Barcelona\",\"description\":\"Think Eat, el teu espai d&#039;assessorament i coaching nutricional dedicat a guiar-te cap a una vida plena de salut i benestar.\",\"publisher\":{\"@id\":\"https:\\\/\\\/thinkeat.cat\\\/#organization\"},\"alternateName\":\"Think Eat\",\"potentialAction\":[{\"@type\":\"SearchAction\",\"target\":{\"@type\":\"EntryPoint\",\"urlTemplate\":\"https:\\\/\\\/thinkeat.cat\\\/?s={search_term_string}\"},\"query-input\":{\"@type\":\"PropertyValueSpecification\",\"valueRequired\":true,\"valueName\":\"search_term_string\"}}],\"inLanguage\":\"es\"},{\"@type\":\"Organization\",\"@id\":\"https:\\\/\\\/thinkeat.cat\\\/#organization\",\"name\":\"Think Eat | Espai de Nutrici\u00f3 | Barcelona\",\"alternateName\":\"Think Eat\",\"url\":\"https:\\\/\\\/thinkeat.cat\\\/\",\"logo\":{\"@type\":\"ImageObject\",\"inLanguage\":\"es\",\"@id\":\"https:\\\/\\\/thinkeat.cat\\\/#\\\/schema\\\/logo\\\/image\\\/\",\"url\":\"https:\\\/\\\/thinkeat.cat\\\/wp-content\\\/uploads\\\/2024\\\/05\\\/Logo-1.png\",\"contentUrl\":\"https:\\\/\\\/thinkeat.cat\\\/wp-content\\\/uploads\\\/2024\\\/05\\\/Logo-1.png\",\"width\":587,\"height\":128,\"caption\":\"Think Eat | Espai de Nutrici\u00f3 | Barcelona\"},\"image\":{\"@id\":\"https:\\\/\\\/thinkeat.cat\\\/#\\\/schema\\\/logo\\\/image\\\/\"},\"sameAs\":[\"https:\\\/\\\/www.facebook.com\\\/EspaiThinkEat\\\/\",\"https:\\\/\\\/www.instagram.com\\\/EspaiThinkEat\"]}]}<\/script>\n<!-- \/ Yoast SEO plugin. -->","yoast_head_json":{"title":"Mayonesa light y proteica - Think Eat | Espai de Nutrici\u00f3 | Barcelona","description":"Mayonesa light y proteica: esta receta sencilla es ideal para dar un toque rico a tus comidas del d\u00eda a d\u00eda.","robots":{"index":"index","follow":"follow","max-snippet":"max-snippet:-1","max-image-preview":"max-image-preview:large","max-video-preview":"max-video-preview:-1"},"canonical":"https:\/\/thinkeat.cat\/project\/maionesa-light-i-proteica\/","og_locale":"es_ES","og_type":"article","og_title":"Mayonesa light y proteica - Think Eat | Espai de Nutrici\u00f3 | Barcelona","og_description":"Mayonesa light y proteica: esta receta sencilla es ideal para dar un toque rico a tus comidas del d\u00eda a d\u00eda.","og_url":"https:\/\/thinkeat.cat\/project\/maionesa-light-i-proteica\/","og_site_name":"Think Eat | Espai de Nutrici\u00f3 | Barcelona","article_publisher":"https:\/\/www.facebook.com\/EspaiThinkEat\/","article_modified_time":"2026-03-05T12:03:21+00:00","og_image":[{"width":1440,"height":1778,"url":"https:\/\/thinkeat.cat\/wp-content\/uploads\/2026\/03\/download-1.jpg","type":"image\/jpeg"}],"twitter_misc":{"Tiempo de lectura":"2 minutos"},"schema":{"@context":"https:\/\/schema.org","@graph":[{"@type":"WebPage","@id":"https:\/\/thinkeat.cat\/project\/maionesa-light-i-proteica\/","url":"https:\/\/thinkeat.cat\/project\/maionesa-light-i-proteica\/","name":"Mayonesa light y proteica - Think Eat | Espai de Nutrici\u00f3 | Barcelona","isPartOf":{"@id":"https:\/\/thinkeat.cat\/#website"},"primaryImageOfPage":{"@id":"https:\/\/thinkeat.cat\/project\/maionesa-light-i-proteica\/#primaryimage"},"image":{"@id":"https:\/\/thinkeat.cat\/project\/maionesa-light-i-proteica\/#primaryimage"},"thumbnailUrl":"https:\/\/thinkeat.cat\/wp-content\/uploads\/2026\/03\/download-1.jpg","datePublished":"2026-03-05T11:59:17+00:00","dateModified":"2026-03-05T12:03:21+00:00","description":"Mayonesa light y proteica: esta receta sencilla es ideal para dar un toque rico a tus comidas del d\u00eda a d\u00eda.","breadcrumb":{"@id":"https:\/\/thinkeat.cat\/project\/maionesa-light-i-proteica\/#breadcrumb"},"inLanguage":"es","potentialAction":[{"@type":"ReadAction","target":["https:\/\/thinkeat.cat\/project\/maionesa-light-i-proteica\/"]}]},{"@type":"ImageObject","inLanguage":"es","@id":"https:\/\/thinkeat.cat\/project\/maionesa-light-i-proteica\/#primaryimage","url":"https:\/\/thinkeat.cat\/wp-content\/uploads\/2026\/03\/download-1.jpg","contentUrl":"https:\/\/thinkeat.cat\/wp-content\/uploads\/2026\/03\/download-1.jpg","width":1440,"height":1778,"caption":"Maionesa"},{"@type":"BreadcrumbList","@id":"https:\/\/thinkeat.cat\/project\/maionesa-light-i-proteica\/#breadcrumb","itemListElement":[{"@type":"ListItem","position":1,"name":"Portada","item":"https:\/\/thinkeat.cat\/"},{"@type":"ListItem","position":2,"name":"Proyectos","item":"https:\/\/thinkeat.cat\/project\/"},{"@type":"ListItem","position":3,"name":"Mayonesa light y proteica"}]},{"@type":"WebSite","@id":"https:\/\/thinkeat.cat\/#website","url":"https:\/\/thinkeat.cat\/","name":"Think Eat | Espai de Nutrici\u00f3 | Barcelona","description":"Think Eat, el teu espai d&#039;assessorament i coaching nutricional dedicat a guiar-te cap a una vida plena de salut i benestar.","publisher":{"@id":"https:\/\/thinkeat.cat\/#organization"},"alternateName":"Think Eat","potentialAction":[{"@type":"SearchAction","target":{"@type":"EntryPoint","urlTemplate":"https:\/\/thinkeat.cat\/?s={search_term_string}"},"query-input":{"@type":"PropertyValueSpecification","valueRequired":true,"valueName":"search_term_string"}}],"inLanguage":"es"},{"@type":"Organization","@id":"https:\/\/thinkeat.cat\/#organization","name":"Think Eat | Espai de Nutrici\u00f3 | Barcelona","alternateName":"Think Eat","url":"https:\/\/thinkeat.cat\/","logo":{"@type":"ImageObject","inLanguage":"es","@id":"https:\/\/thinkeat.cat\/#\/schema\/logo\/image\/","url":"https:\/\/thinkeat.cat\/wp-content\/uploads\/2024\/05\/Logo-1.png","contentUrl":"https:\/\/thinkeat.cat\/wp-content\/uploads\/2024\/05\/Logo-1.png","width":587,"height":128,"caption":"Think Eat | Espai de Nutrici\u00f3 | Barcelona"},"image":{"@id":"https:\/\/thinkeat.cat\/#\/schema\/logo\/image\/"},"sameAs":["https:\/\/www.facebook.com\/EspaiThinkEat\/","https:\/\/www.instagram.com\/EspaiThinkEat"]}]}},"_links":{"self":[{"href":"https:\/\/thinkeat.cat\/es\/wp-json\/wp\/v2\/project\/36219","targetHints":{"allow":["GET"]}}],"collection":[{"href":"https:\/\/thinkeat.cat\/es\/wp-json\/wp\/v2\/project"}],"about":[{"href":"https:\/\/thinkeat.cat\/es\/wp-json\/wp\/v2\/types\/project"}],"author":[{"embeddable":true,"href":"https:\/\/thinkeat.cat\/es\/wp-json\/wp\/v2\/users\/1"}],"replies":[{"embeddable":true,"href":"https:\/\/thinkeat.cat\/es\/wp-json\/wp\/v2\/comments?post=36219"}],"version-history":[{"count":3,"href":"https:\/\/thinkeat.cat\/es\/wp-json\/wp\/v2\/project\/36219\/revisions"}],"predecessor-version":[{"id":36224,"href":"https:\/\/thinkeat.cat\/es\/wp-json\/wp\/v2\/project\/36219\/revisions\/36224"}],"wp:featuredmedia":[{"embeddable":true,"href":"https:\/\/thinkeat.cat\/es\/wp-json\/wp\/v2\/media\/36213"}],"wp:attachment":[{"href":"https:\/\/thinkeat.cat\/es\/wp-json\/wp\/v2\/media?parent=36219"}],"wp:term":[{"taxonomy":"project_category","embeddable":true,"href":"https:\/\/thinkeat.cat\/es\/wp-json\/wp\/v2\/project_category?post=36219"},{"taxonomy":"project_tag","embeddable":true,"href":"https:\/\/thinkeat.cat\/es\/wp-json\/wp\/v2\/project_tag?post=36219"}],"curies":[{"name":"wp","href":"https:\/\/api.w.org\/{rel}","templated":true}]}}